{"id":45831,"date":"2025-03-19T16:48:38","date_gmt":"2025-03-19T16:48:38","guid":{"rendered":"https:\/\/www.quinta-do-rajo.pt\/a-viagem-da-mae-formacao-de-yoga-pre-pos-natal-2\/"},"modified":"2025-09-16T17:00:06","modified_gmt":"2025-09-16T16:00:06","slug":"el-viaje-de-la-madre-formacion-de-profesoras-de-yoga-pre-y-postnatal","status":"publish","type":"page","link":"https:\/\/www.quinta-do-rajo.pt\/en\/el-viaje-de-la-madre-formacion-de-profesoras-de-yoga-pre-y-postnatal\/","title":{"rendered":"El Viaje de la Madre &#8211; Formaci\u00f3n de Profesoras de Yoga Pre y Postnatal"},"content":{"rendered":"<div data-elementor-type=\"wp-page\" data-elementor-id=\"45831\" class=\"elementor elementor-45831\">\n\t\t\t\t<div class=\"elementor-element elementor-element-9b1ac3e elementor-hidden-desktop elementor-hidden-tablet elementor-hidden-mobile e-flex e-con-boxed e-con e-parent\" data-id=\"9b1ac3e\" data-element_type=\"container\" data-e-type=\"container\">\n\t\t\t\t\t<div class=\"e-con-inner\">\n\t\t\t\t<div class=\"elementor-element elementor-element-c074ffa elementor-align-center elementor-widget elementor-widget-button\" data-id=\"c074ffa\" data-element_type=\"widget\" data-e-type=\"widget\" data-widget_type=\"button.default\">\n\t\t\t\t<div class=\"elementor-widget-container\">\n\t\t\t\t\t\t\t\t\t<div class=\"elementor-button-wrapper\">\n\t\t\t\t\t<a class=\"elementor-button elementor-button-link elementor-size-sm\" href=\"#\">\n\t\t\t\t\t\t<span class=\"elementor-button-content-wrapper\">\n\t\t\t\t\t\t\t\t\t<span class=\"elementor-button-text\">Leer en espa\u00f1ol<\/span>\n\t\t\t\t\t<\/span>\n\t\t\t\t\t<\/a>\n\t\t\t\t<\/div>\n\t\t\t\t\t\t\t\t<\/div>\n\t\t\t\t<\/div>\n\t\t\t\t\t<\/div>\n\t\t\t\t<\/div>\n\t\t<div class=\"elementor-element elementor-element-a88f4db e-flex e-con-boxed e-con e-parent\" data-id=\"a88f4db\" data-element_type=\"container\" data-e-type=\"container\">\n\t\t\t\t\t<div class=\"e-con-inner\">\n\t\t\t\t<div class=\"elementor-element elementor-element-d47116e elementor-widget elementor-widget-heading\" data-id=\"d47116e\" data-element_type=\"widget\" data-e-type=\"widget\" data-widget_type=\"heading.default\">\n\t\t\t\t<div class=\"elementor-widget-container\">\n\t\t\t\t\t<h2 class=\"elementor-heading-title elementor-size-default\">El Viaje de la Madre\n<br> - Formaci\u00f3n de Profesoras de Yoga Pre y Postnatal - Online<\/h2>\t\t\t\t<\/div>\n\t\t\t\t<\/div>\n\t\t\t\t<div class=\"elementor-element elementor-element-3ba5dd9 elementor-widget elementor-widget-text-editor\" data-id=\"3ba5dd9\" data-element_type=\"widget\" data-e-type=\"widget\" data-widget_type=\"text-editor.default\">\n\t\t\t\t<div class=\"elementor-widget-container\">\n\t\t\t\t\t\t\t\t\t<p><strong>Biling\u00fce Espa\u00f1ol e Ingl\u00e9s<\/strong><\/p>\t\t\t\t\t\t\t\t<\/div>\n\t\t\t\t<\/div>\n\t\t\t\t\t<\/div>\n\t\t\t\t<\/div>\n\t\t<div class=\"elementor-element elementor-element-8bebe68 e-flex e-con-boxed e-con e-parent\" data-id=\"8bebe68\" data-element_type=\"container\" data-e-type=\"container\">\n\t\t\t\t\t<div class=\"e-con-inner\">\n\t\t<div class=\"elementor-element elementor-element-5bf5668 e-con-full e-flex e-con e-child\" data-id=\"5bf5668\" data-element_type=\"container\" data-e-type=\"container\">\n\t\t\t\t<div class=\"elementor-element elementor-element-98832f7 elementor-widget elementor-widget-text-editor\" data-id=\"98832f7\" data-element_type=\"widget\" data-e-type=\"widget\" data-widget_type=\"text-editor.default\">\n\t\t\t\t<div class=\"elementor-widget-container\">\n\t\t\t\t\t\t\t\t\t<p>Esta formaci\u00f3n tiene como objetivo preparar a las mujeres en que tengan suficiente<br \/>conocimiento de s\u00ed mismas para ser madres sin pensamientos de miedo y sin perpetuar<br \/>sentimientos de inferioridad que podr\u00edan transmitirse a la siguiente generaci\u00f3n.<\/p><p>Est\u00e1 dirigido a todas aquellas que deseen formar parte del proceso de transformaci\u00f3n de la<br \/>conciencia que est\u00e1 teniendo lugar en el mundo en esta etapa de transici\u00f3n, apoyando a las<br \/>madres a trav\u00e9s de las t\u00e9cnicas del Kundalini Yoga y las ense\u00f1anzas de otras antiguas<\/p><p>tradiciones feministas. Se alienta y prepara a las mujeres para que se hagan cargo de su<br \/>propia autosanaci\u00f3n y liderazgo.<\/p><p>Creemos que toda mujer deber\u00eda tener acceso a estas preciosas ense\u00f1anzas y conquistar el poder de \u00abEl futuro es femenino\u00bb, porque ese futuro la est\u00e1 esperando.<br \/><br \/>\u00c9ste curso tambi\u00e9n est\u00e1 dirigido a quienes quieran ense\u00f1ar yoga para embarazadas y pu\u00e9rperas, o dirigir cualquier tipo de curso para mujeres.<br \/>Tambi\u00e9n est\u00e1 dirigido a madres motivadas y a profesionales cuyo trabajo est\u00e9 relacionado con mujeres embarazadas y parto, como matronas, doulas y enfermeras<\/p><p>Esta formaci\u00f3n promueve la autonom\u00eda de las mujeres durante el parto, cuestionando la medicalizaci\u00f3n excesiva y fortaleciendo su conexi\u00f3n intuitiva.<\/p><p>El concepto de la Carpa Roja forma parte de la manera de experimentar directamente la fuerza que podemos adquirir y darnos entre mujeres.<br \/><br \/>La formaci\u00f3n incluye todos los aspectos de la preparaci\u00f3n para el viaje, desde la sexualidad y las relaciones de pareja hasta el embarazo, el parto y el posparto.<br \/><br \/>Los m\u00f3dulos son para mujeres mayores de 18 a\u00f1os.<\/p><p><a href=\"http:\/\/www.quinta-do-rajo.pt\/en\/recursos\/termos-e-condicoes\/\">Consulte nuestras condiciones generales.<\/a><\/p>\t\t\t\t\t\t\t\t<\/div>\n\t\t\t\t<\/div>\n\t\t\t\t<\/div>\n\t\t<div class=\"elementor-element elementor-element-ea74ba7 e-con-full e-flex e-con e-child\" data-id=\"ea74ba7\" data-element_type=\"container\" data-e-type=\"container\" data-settings=\"{&quot;background_background&quot;:&quot;classic&quot;}\">\n\t\t\t\t<div class=\"elementor-element elementor-element-05ccaa5 elementor-widget elementor-widget-image\" data-id=\"05ccaa5\" data-element_type=\"widget\" data-e-type=\"widget\" data-widget_type=\"image.default\">\n\t\t\t\t<div class=\"elementor-widget-container\">\n\t\t\t\t\t\t\t\t\t\t\t\t\t\t\t<img decoding=\"async\" src=\"https:\/\/www.quinta-do-rajo.pt\/wp-content\/uploads\/2020\/07\/mod-2-tmj-e1715268290351.jpg\" title=\"\" alt=\"\" loading=\"lazy\" \/>\t\t\t\t\t\t\t\t\t\t\t\t\t\t\t<\/div>\n\t\t\t\t<\/div>\n\t\t\t\t<\/div>\n\t\t\t\t\t<\/div>\n\t\t\t\t<\/div>\n\t\t<div class=\"elementor-element elementor-element-5080990 e-flex e-con-boxed e-con e-parent\" data-id=\"5080990\" data-element_type=\"container\" data-e-type=\"container\" data-settings=\"{&quot;background_background&quot;:&quot;classic&quot;}\">\n\t\t\t\t\t<div class=\"e-con-inner\">\n\t\t\t\t<div class=\"elementor-element elementor-element-30e2902 elementor-widget elementor-widget-heading\" data-id=\"30e2902\" data-element_type=\"widget\" data-e-type=\"widget\" data-widget_type=\"heading.default\">\n\t\t\t\t<div class=\"elementor-widget-container\">\n\t\t\t\t\t<h3 class=\"elementor-heading-title elementor-size-default\">Programa de Conte\u00fados<\/h3>\t\t\t\t<\/div>\n\t\t\t\t<\/div>\n\t\t\t\t\t<\/div>\n\t\t\t\t<\/div>\n\t\t<div class=\"elementor-element elementor-element-5542919 e-flex e-con-boxed e-con e-parent\" data-id=\"5542919\" data-element_type=\"container\" data-e-type=\"container\" data-settings=\"{&quot;background_background&quot;:&quot;classic&quot;}\">\n\t\t\t\t\t<div class=\"e-con-inner\">\n\t\t\t\t<div class=\"elementor-element elementor-element-3506791 elementor-tabs-view-vertical elementor-widget elementor-widget-tabs\" data-id=\"3506791\" data-element_type=\"widget\" data-e-type=\"widget\" data-widget_type=\"tabs.default\">\n\t\t\t\t<div class=\"elementor-widget-container\">\n\t\t\t\t\t\t\t<div class=\"elementor-tabs\">\n\t\t\t<div class=\"elementor-tabs-wrapper\" role=\"tablist\" >\n\t\t\t\t\t\t\t\t\t<div id=\"elementor-tab-title-5561\" class=\"elementor-tab-title elementor-tab-desktop-title\" aria-selected=\"true\" data-tab=\"1\" role=\"tab\" tabindex=\"0\" aria-controls=\"elementor-tab-content-5561\" aria-expanded=\"false\">1. Concepci\u00f3n Consciente<\/div>\n\t\t\t\t\t\t\t\t\t<div id=\"elementor-tab-title-5562\" class=\"elementor-tab-title elementor-tab-desktop-title\" aria-selected=\"false\" data-tab=\"2\" role=\"tab\" tabindex=\"-1\" aria-controls=\"elementor-tab-content-5562\" aria-expanded=\"false\">2. Yoga en el Embarazo<\/div>\n\t\t\t\t\t\t\t\t\t<div id=\"elementor-tab-title-5563\" class=\"elementor-tab-title elementor-tab-desktop-title\" aria-selected=\"false\" data-tab=\"3\" role=\"tab\" tabindex=\"-1\" aria-controls=\"elementor-tab-content-5563\" aria-expanded=\"false\">3. Din\u00e1micas del Parto<\/div>\n\t\t\t\t\t\t\t\t\t<div id=\"elementor-tab-title-5564\" class=\"elementor-tab-title elementor-tab-desktop-title\" aria-selected=\"false\" data-tab=\"4\" role=\"tab\" tabindex=\"-1\" aria-controls=\"elementor-tab-content-5564\" aria-expanded=\"false\">4. La etapa del Posparto<\/div>\n\t\t\t\t\t\t\t\t\t<div id=\"elementor-tab-title-5565\" class=\"elementor-tab-title elementor-tab-desktop-title\" aria-selected=\"false\" data-tab=\"5\" role=\"tab\" tabindex=\"-1\" aria-controls=\"elementor-tab-content-5565\" aria-expanded=\"false\">5. Liderazgo y Liberaci\u00f3n de la Mujer<\/div>\n\t\t\t\t\t\t\t<\/div>\n\t\t\t<div class=\"elementor-tabs-content-wrapper\" role=\"tablist\" aria-orientation=\"vertical\">\n\t\t\t\t\t\t\t\t\t<div class=\"elementor-tab-title elementor-tab-mobile-title\" aria-selected=\"true\" data-tab=\"1\" role=\"tab\" tabindex=\"0\" aria-controls=\"elementor-tab-content-5561\" aria-expanded=\"false\">1. Concepci\u00f3n Consciente<\/div>\n\t\t\t\t\t<div id=\"elementor-tab-content-5561\" class=\"elementor-tab-content elementor-clearfix\" data-tab=\"1\" role=\"tabpanel\" aria-labelledby=\"elementor-tab-title-5561\" tabindex=\"0\" hidden=\"false\"><p style=\"text-align: center;\" align=\"center\"><strong>25 y 26 de Octubre<\/strong>\n<strong>Espa\u00f1ol 15h &#8211; 18h PT<\/strong><\/p>\n<p style=\"text-align: center;\" align=\"center\">Este m\u00f3dulo explora las relaciones conscientes: la sexualidad y su expresi\u00f3n, ciclo lunar,\nfertilidad, estilo de vida, concepci\u00f3n consciente, la oraci\u00f3n de una madre y el viaje del alma.\nRevisaremos temas de infertilidad y reproducci\u00f3n asistida.<\/p>\n<p style=\"text-align: center;\" align=\"right\">Tambi\u00e9n estudiamos c\u00f3mo liberar el dolor, la culpa y la verg\u00fcenza en torno al aborto\nespont\u00e1neo y no, y otras perdidas, as\u00ed como cuidados generales luego de un aborto.<\/p><\/div>\n\t\t\t\t\t\t\t\t\t<div class=\"elementor-tab-title elementor-tab-mobile-title\" aria-selected=\"false\" data-tab=\"2\" role=\"tab\" tabindex=\"-1\" aria-controls=\"elementor-tab-content-5562\" aria-expanded=\"false\">2. Yoga en el Embarazo<\/div>\n\t\t\t\t\t<div id=\"elementor-tab-content-5562\" class=\"elementor-tab-content elementor-clearfix\" data-tab=\"2\" role=\"tabpanel\" aria-labelledby=\"elementor-tab-title-5562\" tabindex=\"0\" hidden=\"hidden\"><p><strong>15 y 16 de Noviembre<\/strong><br \/><strong>Ingl\u00eas: 9h -12hs PT \/ Espa\u00f1ol: 15h -18hs PT<\/strong><\/p><p>Trataremos de alimentaci\u00f3n saludable para embarazadas, posibles dolencias leves y<br \/>algunos tratamientos, hierbas y remedios homeop\u00e1ticos. Cantaremos y bailaremos, y<br \/>aprenderemos una forma alternativa de baby shower.<\/p><p>Conocer\u00e1s kriyas de kundalini yoga, posturas y sus alternativas para embarazadas,<br \/>mantras, respiraci\u00f3n, relajaci\u00f3n y t\u00e9cnicas de meditaci\u00f3n. La estructura de una clase y c\u00f3mo<br \/>impartir una clase de kundalini yoga prenatal.<\/p><\/div>\n\t\t\t\t\t\t\t\t\t<div class=\"elementor-tab-title elementor-tab-mobile-title\" aria-selected=\"false\" data-tab=\"3\" role=\"tab\" tabindex=\"-1\" aria-controls=\"elementor-tab-content-5563\" aria-expanded=\"false\">3. Din\u00e1micas del Parto<\/div>\n\t\t\t\t\t<div id=\"elementor-tab-content-5563\" class=\"elementor-tab-content elementor-clearfix\" data-tab=\"3\" role=\"tabpanel\" aria-labelledby=\"elementor-tab-title-5563\" tabindex=\"0\" hidden=\"hidden\"><p><strong>6 y 7 de Diciembre<\/strong><br \/><strong>Espa\u00f1ol 15h-18h PT<\/strong><\/p><p>La din\u00e1mica del parto y la preparaci\u00f3n al parto como iniciaci\u00f3n. Ceremonia, rituales y apoyo a la madre, incluida la obtenci\u00f3n de la ayuda que necesita y la comprensi\u00f3n de c\u00f3mo utilizarla. Conocimiento sobre la fisiolog\u00eda del parto y sus hormonas. Aqu\u00ed explorar\u00e1s t\u00e9cnicas no farmacol\u00f3gicas para apoyar el proceso de parto, y meditaciones para ayudarte a confiar en tu cuerpo.<\/p><p>Qu\u00e9 implica un parto hospitalario, c\u00f3mo aprovechar al m\u00e1ximo la experiencia del parto.<br \/>Explorar el papel de la doula, los cuidados prenatales y postnatales y la presencia de otras personas en la sala de partos. El apoyo de las parejas y las mejores posturas para el parto.<br \/>La ces\u00e1rea empoderada. \u00bfQu\u00e9 opciones tienes con la placenta?<\/p><\/div>\n\t\t\t\t\t\t\t\t\t<div class=\"elementor-tab-title elementor-tab-mobile-title\" aria-selected=\"false\" data-tab=\"4\" role=\"tab\" tabindex=\"-1\" aria-controls=\"elementor-tab-content-5564\" aria-expanded=\"false\">4. La etapa del Posparto<\/div>\n\t\t\t\t\t<div id=\"elementor-tab-content-5564\" class=\"elementor-tab-content elementor-clearfix\" data-tab=\"4\" role=\"tabpanel\" aria-labelledby=\"elementor-tab-title-5564\" tabindex=\"0\" hidden=\"hidden\"><p><strong>23 y 24 de Enero<\/strong><br \/><strong>Espa\u00f1ol 15h-18h PT<\/strong><\/p><p>La fase postnatal, tras el nacimiento del beb\u00e9, es un momento en el que la mujer se encuentra en la oscuridad. Ha visualizado el misterio de la vida y la muerte, el dolor y la<br \/>alegr\u00eda, durante el parto. No est\u00e1 \u00abaqu\u00ed\u00bb, sino \u00abm\u00e1s all\u00e1\u00bb. Se necesita tiempo para renacer.<\/p><p>Una comunidad de apoyo forma parte de su recuperaci\u00f3n y las t\u00e9cnicas y\u00f3guicas proporcionan a la nueva mam\u00e1 las herramientas de autoconocimiento y autocuidado que<br \/>necesita. Impartir clases de yoga postnatal seguras y estimulantes, as\u00ed como c\u00edrculos de apoyo para mam\u00e1s y beb\u00e9s. Dar a las mujeres la fuerza y la energ\u00eda necesarias para<br \/>experimentar todos los aspectos de lo sagrado femenino.<\/p><\/div>\n\t\t\t\t\t\t\t\t\t<div class=\"elementor-tab-title elementor-tab-mobile-title\" aria-selected=\"false\" data-tab=\"5\" role=\"tab\" tabindex=\"-1\" aria-controls=\"elementor-tab-content-5565\" aria-expanded=\"false\">5. Liderazgo y Liberaci\u00f3n de la Mujer<\/div>\n\t\t\t\t\t<div id=\"elementor-tab-content-5565\" class=\"elementor-tab-content elementor-clearfix\" data-tab=\"5\" role=\"tabpanel\" aria-labelledby=\"elementor-tab-title-5565\" tabindex=\"0\" hidden=\"hidden\"><p><strong>21 y 22 de Febrero<\/strong><br \/><strong>Espa\u00f1ol 15h &#8211; 18h PT<\/strong><\/p><p>Facilitar grupos s\u00f3lo de mujeres, t\u00e9cnicas de meditaci\u00f3n menstrual para fortalecer la estabilidad, qui\u00e9nes somos como mujeres, trabajo sobre las propias sombras y empoderamiento, las mujeres y el poder de la ceremonia. Aqu\u00ed hacemos una intensa exploraci\u00f3n personal de nuestros autoconceptos, contratos t\u00e1citos y acuerdos inconscientes con nuestra familia de origen y de elecci\u00f3n.<\/p><p>Exploramos la intimidad, el enojo, el miedo y el resentimiento. El primer d\u00eda lo dedicaremos a descender a los anillos de nuestro infierno y oscuridad interiores, para permitirnos aceptar<br \/>qui\u00e9nes somos realmente, qu\u00e9 nos bloquea, qu\u00e9 arrastramos que ya no nos sirve. El segundo d\u00eda se centra en avanzar. Re-encontrarnos con nuestra historia, expandirnos fuera<br \/>de los roles que ya no nos sirven. Revisamos c\u00f3mo trabajarlo en clases y c\u00f3mo servir a la comunidad.<\/p><\/div>\n\t\t\t\t\t\t\t<\/div>\n\t\t<\/div>\n\t\t\t\t\t\t<\/div>\n\t\t\t\t<\/div>\n\t\t\t\t\t<\/div>\n\t\t\t\t<\/div>\n\t\t<div class=\"elementor-element elementor-element-497cc79 e-flex e-con-boxed e-con e-parent\" data-id=\"497cc79\" data-element_type=\"container\" data-e-type=\"container\">\n\t\t\t\t\t<div class=\"e-con-inner\">\n\t\t\t\t<div class=\"elementor-element elementor-element-ce4643c elementor-widget elementor-widget-heading\" data-id=\"ce4643c\" data-element_type=\"widget\" data-e-type=\"widget\" data-widget_type=\"heading.default\">\n\t\t\t\t<div class=\"elementor-widget-container\">\n\t\t\t\t\t<h2 class=\"elementor-heading-title elementor-size-default\">La Formaci\u00f3n incluye:<\/h2>\t\t\t\t<\/div>\n\t\t\t\t<\/div>\n\t\t\t\t<div class=\"elementor-element elementor-element-4a23225 elementor-widget elementor-widget-text-editor\" data-id=\"4a23225\" data-element_type=\"widget\" data-e-type=\"widget\" data-widget_type=\"text-editor.default\">\n\t\t\t\t<div class=\"elementor-widget-container\">\n\t\t\t\t\t\t\t\t\t<ul><li>Clases con zoom en directo (2 por m\u00f3dulo) y grabaciones disponibles<\/li><li>V\u00eddeos te\u00f3ricos pregrabados (3 por m\u00f3dulo)<\/li><li>V\u00eddeos pr\u00e1cticos (3 o m\u00e1s por m\u00f3dulo)<\/li><li>Reuniones de grupos de estudio (2 por m\u00f3dulo, 2 horas cada una, d\u00eda y hora a<br \/>convenir con el coordinador del grupo)<\/li><li>Manuales (1 por m\u00f3dulo)<\/li><li>Todo el material did\u00e1ctico relativo a la formaci\u00f3n estar\u00e1 disponible en la plataforma<br \/>Sutra.<\/li><li>En Sutra, existe un chat de discusi\u00f3n y puesta en com\u00fan donde se podr\u00e1n realizar<br \/>preguntas y dudas, que ser\u00e1n respondidas por la profesora del m\u00f3dulo<br \/>correspondiente.<\/li><li>La formaci\u00f3n y todo el material es biling\u00fce en ingl\u00e9s y espa\u00f1ol<\/li><li>Acceso al material durante 3 meses tras la finalizaci\u00f3n del curso, en Sutra.<\/li><li>La duraci\u00f3n total del curso es de 120 horas.<\/li><\/ul><p>Si tienes alguna pregunta, ponte en contacto con <a href=\"mailto:gurujot@quinta-do-rajo.pt\">gurujot@quinta-do-rajo.pt<\/a><\/p>\t\t\t\t\t\t\t\t<\/div>\n\t\t\t\t<\/div>\n\t\t\t\t\t<\/div>\n\t\t\t\t<\/div>\n\t\t\t\t<section class=\"elementor-section elementor-top-section elementor-element elementor-element-jx75bbv elementor-section-boxed elementor-section-height-default elementor-section-height-default\" data-id=\"jx75bbv\" data-element_type=\"section\" data-e-type=\"section\" data-settings=\"{&quot;background_background&quot;:&quot;classic&quot;}\">\n\t\t\t\t\t\t<div class=\"elementor-container elementor-column-gap-default\">\n\t\t\t\t\t<div class=\"elementor-column elementor-col-100 elementor-top-column elementor-element elementor-element-f149e63\" data-id=\"f149e63\" data-element_type=\"column\" data-e-type=\"column\">\n\t\t\t<div class=\"elementor-widget-wrap elementor-element-populated\">\n\t\t\t\t\t\t<div class=\"elementor-element elementor-element-4a0cba1 elementor-widget elementor-widget-heading\" data-id=\"4a0cba1\" data-element_type=\"widget\" data-e-type=\"widget\" data-widget_type=\"heading.default\">\n\t\t\t\t<div class=\"elementor-widget-container\">\n\t\t\t\t\t<h2 class=\"elementor-heading-title elementor-size-default\">Formadoras<\/h2>\t\t\t\t<\/div>\n\t\t\t\t<\/div>\n\t\t\t\t<section class=\"elementor-section elementor-inner-section elementor-element elementor-element-ef15660 elementor-section-content-bottom elementor-section-boxed elementor-section-height-default elementor-section-height-default\" data-id=\"ef15660\" data-element_type=\"section\" data-e-type=\"section\">\n\t\t\t\t\t\t<div class=\"elementor-container elementor-column-gap-wider\">\n\t\t\t\t\t<div class=\"elementor-column elementor-col-33 elementor-inner-column elementor-element elementor-element-e4a6f44\" data-id=\"e4a6f44\" data-element_type=\"column\" data-e-type=\"column\" data-settings=\"{&quot;background_background&quot;:&quot;classic&quot;}\">\n\t\t\t<div class=\"elementor-widget-wrap elementor-element-populated\">\n\t\t\t\t\t\t<div class=\"elementor-element elementor-element-086511c elementor-widget elementor-widget-spacer\" data-id=\"086511c\" data-element_type=\"widget\" data-e-type=\"widget\" data-widget_type=\"spacer.default\">\n\t\t\t\t<div class=\"elementor-widget-container\">\n\t\t\t\t\t\t\t<div class=\"elementor-spacer\">\n\t\t\t<div class=\"elementor-spacer-inner\"><\/div>\n\t\t<\/div>\n\t\t\t\t\t\t<\/div>\n\t\t\t\t<\/div>\n\t\t\t\t\t<\/div>\n\t\t<\/div>\n\t\t\t\t<div class=\"elementor-column elementor-col-66 elementor-inner-column elementor-element elementor-element-1172ec3\" data-id=\"1172ec3\" data-element_type=\"column\" data-e-type=\"column\">\n\t\t\t<div class=\"elementor-widget-wrap elementor-element-populated\">\n\t\t\t\t\t\t<div class=\"elementor-element elementor-element-492cddf elementor-vertical-align-top elementor-widget elementor-widget-image-box\" data-id=\"492cddf\" data-element_type=\"widget\" data-e-type=\"widget\" data-widget_type=\"image-box.default\">\n\t\t\t\t<div class=\"elementor-widget-container\">\n\t\t\t\t\t<div class=\"elementor-image-box-wrapper\"><div class=\"elementor-image-box-content\"><h3 class=\"elementor-image-box-title\">Satya Kaur<\/h3><p class=\"elementor-image-box-description\">Satya Kaur es fundadora y directora de la Escuela Internacional de Karam Kriya, el Ashram Quinta do Rajo, el proyecto Mother's Journey y la Red de Apoyo Postnatal.\nLleva ense\u00f1ando Kundalini Yoga seg\u00fan las ense\u00f1anzas de Yogi Bhajan desde 1981 y es profesora del curso de profesores de Kundalini Yoga desde 2001.\nEs una profesora reconocida y formada por el Instituto de Investigaci\u00f3n Kundalini (KRI) para los niveles I y II. <br>\n<br>Satya trabaj\u00f3 y se licenci\u00f3 en Enfermer\u00eda entre 1991 en Haringey, Londres. Satya es la autora del libro \u00abYoga, Kundalini y Yo\u00bb, el primer libro escrito y publicado en portugu\u00e9s. Recientemente ha estado utilizando el Mito-Drama como medio para acceder y jugar con el potencial creativo que llevamos dentro de cada uno de nosotros y que, en su opini\u00f3n, complementa la disciplina y el estilo de vida del yoga. Tambi\u00e9n dirige Red Tents.\n<br>\nSatya est\u00e1 casada con Shiv Charan Singh y vive en Portugal. Tienen 3 hijos y 3 maravillosos nietos.<\/p><\/div><\/div>\t\t\t\t<\/div>\n\t\t\t\t<\/div>\n\t\t\t\t\t<\/div>\n\t\t<\/div>\n\t\t\t\t\t<\/div>\n\t\t<\/section>\n\t\t\t\t<div class=\"elementor-element elementor-element-1672151 elementor-widget-divider--view-line elementor-widget elementor-widget-divider\" data-id=\"1672151\" data-element_type=\"widget\" data-e-type=\"widget\" data-widget_type=\"divider.default\">\n\t\t\t\t<div class=\"elementor-widget-container\">\n\t\t\t\t\t\t\t<div class=\"elementor-divider\">\n\t\t\t<span class=\"elementor-divider-separator\">\n\t\t\t\t\t\t<\/span>\n\t\t<\/div>\n\t\t\t\t\t\t<\/div>\n\t\t\t\t<\/div>\n\t\t\t\t<section class=\"elementor-section elementor-inner-section elementor-element elementor-element-4b77cf3 elementor-section-content-bottom elementor-section-boxed elementor-section-height-default elementor-section-height-default\" data-id=\"4b77cf3\" data-element_type=\"section\" data-e-type=\"section\">\n\t\t\t\t\t\t<div class=\"elementor-container elementor-column-gap-wider\">\n\t\t\t\t\t<div class=\"elementor-column elementor-col-66 elementor-inner-column elementor-element elementor-element-48eaf8f\" data-id=\"48eaf8f\" data-element_type=\"column\" data-e-type=\"column\">\n\t\t\t<div class=\"elementor-widget-wrap elementor-element-populated\">\n\t\t\t\t\t\t<div class=\"elementor-element elementor-element-d5b4f5c elementor-vertical-align-top elementor-widget elementor-widget-image-box\" data-id=\"d5b4f5c\" data-element_type=\"widget\" data-e-type=\"widget\" data-widget_type=\"image-box.default\">\n\t\t\t\t<div class=\"elementor-widget-container\">\n\t\t\t\t\t<div class=\"elementor-image-box-wrapper\"><div class=\"elementor-image-box-content\"><h3 class=\"elementor-image-box-title\">Nam Hari Kaur<\/h3><p class=\"elementor-image-box-description\">Me llamo Luc\u00eda Nam Hari, soy Mentora L\u00edder formadora en la ATA para los niveles 1, 2 y 21 Estad\u00edos de la Meditaci\u00f3n. Formada en Numerolog\u00eda Espiritual Karam Kriya y Sanaci\u00f3n Sat Nam Rasayan. <br>Graduada en Enfermer\u00eda que aplico en consultas presenciales y online en Terapia Hol\u00edstica y Cuerpomente. Pos-graduada en Rehabilitaci\u00f3n de Suelo P\u00e9lvico y Epigen\u00e9tica. <br><br>Desde el a\u00f1o 2012 participo como formadora en el programa El Viaje de la Madre para profesorado de yoga pre y post natal. Coautora del manual para profesores de Yoga Infantil, Adolescencia y Yoga en Familia, publicado por \u00abTus Libros Libres\u00bb.\n<br><br>Presido desde el a\u00f1o 2012 la ONG hoy llamada Esfera Ahimsa, para divulgar las ense\u00f1anzas del Yoga, la vida consciente, el bienestar y la sanaci\u00f3n. Nos hemos centrado en colectivos en riesgo de exclusi\u00f3n social y colaboramos con ADAVAS, asociaci\u00f3n declarada de utilidad p\u00fablica en el \u00e1mbito espa\u00f1ol. La Asociaci\u00f3n ofrece clases de yoga, talleres y consulta gratuita a personas en situaci\u00f3n de precariedad econ\u00f3mica.<\/p><\/div><\/div>\t\t\t\t<\/div>\n\t\t\t\t<\/div>\n\t\t\t\t\t<\/div>\n\t\t<\/div>\n\t\t\t\t<div class=\"elementor-column elementor-col-33 elementor-inner-column elementor-element elementor-element-7e3050e\" data-id=\"7e3050e\" data-element_type=\"column\" data-e-type=\"column\" data-settings=\"{&quot;background_background&quot;:&quot;classic&quot;}\">\n\t\t\t<div class=\"elementor-widget-wrap elementor-element-populated\">\n\t\t\t\t\t\t<div class=\"elementor-element elementor-element-c563900 elementor-widget elementor-widget-spacer\" data-id=\"c563900\" data-element_type=\"widget\" data-e-type=\"widget\" data-widget_type=\"spacer.default\">\n\t\t\t\t<div class=\"elementor-widget-container\">\n\t\t\t\t\t\t\t<div class=\"elementor-spacer\">\n\t\t\t<div class=\"elementor-spacer-inner\"><\/div>\n\t\t<\/div>\n\t\t\t\t\t\t<\/div>\n\t\t\t\t<\/div>\n\t\t\t\t\t<\/div>\n\t\t<\/div>\n\t\t\t\t\t<\/div>\n\t\t<\/section>\n\t\t\t\t<div class=\"elementor-element elementor-element-21198af elementor-widget-divider--view-line elementor-widget elementor-widget-divider\" data-id=\"21198af\" data-element_type=\"widget\" data-e-type=\"widget\" data-widget_type=\"divider.default\">\n\t\t\t\t<div class=\"elementor-widget-container\">\n\t\t\t\t\t\t\t<div class=\"elementor-divider\">\n\t\t\t<span class=\"elementor-divider-separator\">\n\t\t\t\t\t\t<\/span>\n\t\t<\/div>\n\t\t\t\t\t\t<\/div>\n\t\t\t\t<\/div>\n\t\t\t\t<section class=\"elementor-section elementor-inner-section elementor-element elementor-element-a3250bc elementor-section-content-bottom elementor-section-boxed elementor-section-height-default elementor-section-height-default\" data-id=\"a3250bc\" data-element_type=\"section\" data-e-type=\"section\">\n\t\t\t\t\t\t<div class=\"elementor-container elementor-column-gap-wider\">\n\t\t\t\t\t<div class=\"elementor-column elementor-col-50 elementor-inner-column elementor-element elementor-element-7e93daf\" data-id=\"7e93daf\" data-element_type=\"column\" data-e-type=\"column\" data-settings=\"{&quot;background_background&quot;:&quot;classic&quot;}\">\n\t\t\t<div class=\"elementor-widget-wrap elementor-element-populated\">\n\t\t\t\t\t\t<div class=\"elementor-element elementor-element-fbd6f24 elementor-widget-mobile__width-initial elementor-widget elementor-widget-spacer\" data-id=\"fbd6f24\" data-element_type=\"widget\" data-e-type=\"widget\" data-widget_type=\"spacer.default\">\n\t\t\t\t<div class=\"elementor-widget-container\">\n\t\t\t\t\t\t\t<div class=\"elementor-spacer\">\n\t\t\t<div class=\"elementor-spacer-inner\"><\/div>\n\t\t<\/div>\n\t\t\t\t\t\t<\/div>\n\t\t\t\t<\/div>\n\t\t\t\t\t<\/div>\n\t\t<\/div>\n\t\t\t\t<div class=\"elementor-column elementor-col-50 elementor-inner-column elementor-element elementor-element-f66232e\" data-id=\"f66232e\" data-element_type=\"column\" data-e-type=\"column\">\n\t\t\t<div class=\"elementor-widget-wrap elementor-element-populated\">\n\t\t\t\t\t\t<div class=\"elementor-element elementor-element-1084063 elementor-vertical-align-top elementor-widget elementor-widget-image-box\" data-id=\"1084063\" data-element_type=\"widget\" data-e-type=\"widget\" data-widget_type=\"image-box.default\">\n\t\t\t\t<div class=\"elementor-widget-container\">\n\t\t\t\t\t<div class=\"elementor-image-box-wrapper\"><div class=\"elementor-image-box-content\"><h3 class=\"elementor-image-box-title\">Gurujot Kaur - Luna de la Cruz<\/h3><p class=\"elementor-image-box-description\">Gurujot - Luna de la Cruz  es antrop\u00f3loga, doula, profesora y entrenadora profesional de kundalini yoga (KRI), apasionada por la literatura y la naturaleza. \n<br><br>Hace 14 a\u00f1os ense\u00f1a yoga a embarazadas como una manera de vivir la gestaci\u00f3n en conexi\u00f3n y consciencia. Como doula, y con la combinaci\u00f3n de conocimientos cient\u00edficos y ancestrales, las herramientas del yoga y la meditaci\u00f3n, pr\u00e1cticas de regulaci\u00f3n del sistema nervioso y el arte, acompa\u00f1a a mujeres en su proceso asombroso y profundo de convertirse en madres.\n <br><br>Es parte del equipo de entrenadoras de \u201cEl Viaje de la Madre - Formaci\u00f3n de Profesoras de Yoga Pre y Postnatal\u201d,  y junto a Milagros cre\u00f3 \u201cEl Milagro de la Luna\u201d. Naci\u00f3 en las monta\u00f1as, en Salta (Argentina) y ahora vive cerca del mar, en Sintra (Portugal).\n<\/p><\/div><\/div>\t\t\t\t<\/div>\n\t\t\t\t<\/div>\n\t\t\t\t\t<\/div>\n\t\t<\/div>\n\t\t\t\t\t<\/div>\n\t\t<\/section>\n\t\t\t\t<div class=\"elementor-element elementor-element-e764291 elementor-widget-divider--view-line elementor-widget elementor-widget-divider\" data-id=\"e764291\" data-element_type=\"widget\" data-e-type=\"widget\" data-widget_type=\"divider.default\">\n\t\t\t\t<div class=\"elementor-widget-container\">\n\t\t\t\t\t\t\t<div class=\"elementor-divider\">\n\t\t\t<span class=\"elementor-divider-separator\">\n\t\t\t\t\t\t<\/span>\n\t\t<\/div>\n\t\t\t\t\t\t<\/div>\n\t\t\t\t<\/div>\n\t\t\t\t<section class=\"elementor-section elementor-inner-section elementor-element elementor-element-f083f6b elementor-section-content-top elementor-reverse-mobile elementor-section-boxed elementor-section-height-default elementor-section-height-default\" data-id=\"f083f6b\" data-element_type=\"section\" data-e-type=\"section\">\n\t\t\t\t\t\t<div class=\"elementor-container elementor-column-gap-wider\">\n\t\t\t\t\t<div class=\"elementor-column elementor-col-66 elementor-inner-column elementor-element elementor-element-7cbc56f\" data-id=\"7cbc56f\" data-element_type=\"column\" data-e-type=\"column\">\n\t\t\t<div class=\"elementor-widget-wrap elementor-element-populated\">\n\t\t\t\t\t\t<div class=\"elementor-element elementor-element-d99a1ac elementor-vertical-align-top elementor-widget elementor-widget-image-box\" data-id=\"d99a1ac\" data-element_type=\"widget\" data-e-type=\"widget\" data-widget_type=\"image-box.default\">\n\t\t\t\t<div class=\"elementor-widget-container\">\n\t\t\t\t\t<div class=\"elementor-image-box-wrapper\"><div class=\"elementor-image-box-content\"><h3 class=\"elementor-image-box-title\">Milagros Virasoro <\/h3><p class=\"elementor-image-box-description\">De Argentina a Lisboa, Milagros aporta un enfoque hol\u00edstico para apoyar a las mujeres a trav\u00e9s de las transiciones de la vida. Profesora de Kundalini Yoga (desde 2010), extiende su experiencia al yoga prenatal, la educaci\u00f3n para el parto (desde 2017), la atenci\u00f3n de doula posparto, la orientaci\u00f3n sobre lactancia materna y la terapia de masaje nutritivo, incluidos rituales especializados para el embarazo y el posparto. \n<br>\n<br>\nActualmente, est\u00e1 perfeccionando sus habilidades como entrenadora de doula posparto de Postnatal Support Network. Y trabaja en dos de sus proyectos personales, Semilla de Vida impartiendo el Programa de Preparaci\u00f3n al Parto a parejas en Lisboa y tambi\u00e9n El Milagro de la Luna, naci\u00f3 tambi\u00e9n con Gurujot, creamos un espacio online para que las nuevas mam\u00e1s se re\u00fanan, dando clases de yoga prenatal, cursos y talleres.\n<br>\n<br>\nwww.milagrosvirasoro.com\n\n<\/p><\/div><\/div>\t\t\t\t<\/div>\n\t\t\t\t<\/div>\n\t\t\t\t\t<\/div>\n\t\t<\/div>\n\t\t\t\t<div class=\"elementor-column elementor-col-33 elementor-inner-column elementor-element elementor-element-ebe141e\" data-id=\"ebe141e\" data-element_type=\"column\" data-e-type=\"column\" data-settings=\"{&quot;background_background&quot;:&quot;classic&quot;}\">\n\t\t\t<div class=\"elementor-widget-wrap elementor-element-populated\">\n\t\t\t\t\t\t<div class=\"elementor-element elementor-element-e2414ef elementor-widget elementor-widget-spacer\" data-id=\"e2414ef\" data-element_type=\"widget\" data-e-type=\"widget\" data-widget_type=\"spacer.default\">\n\t\t\t\t<div class=\"elementor-widget-container\">\n\t\t\t\t\t\t\t<div class=\"elementor-spacer\">\n\t\t\t<div class=\"elementor-spacer-inner\"><\/div>\n\t\t<\/div>\n\t\t\t\t\t\t<\/div>\n\t\t\t\t<\/div>\n\t\t\t\t\t<\/div>\n\t\t<\/div>\n\t\t\t\t\t<\/div>\n\t\t<\/section>\n\t\t\t\t<div class=\"elementor-element elementor-element-6dcc322 elementor-widget-divider--view-line elementor-widget elementor-widget-divider\" data-id=\"6dcc322\" data-element_type=\"widget\" data-e-type=\"widget\" data-widget_type=\"divider.default\">\n\t\t\t\t<div class=\"elementor-widget-container\">\n\t\t\t\t\t\t\t<div class=\"elementor-divider\">\n\t\t\t<span class=\"elementor-divider-separator\">\n\t\t\t\t\t\t<\/span>\n\t\t<\/div>\n\t\t\t\t\t\t<\/div>\n\t\t\t\t<\/div>\n\t\t\t\t<section class=\"elementor-section elementor-inner-section elementor-element elementor-element-dd04b06 elementor-section-content-top elementor-reverse-mobile elementor-section-boxed elementor-section-height-default elementor-section-height-default\" data-id=\"dd04b06\" data-element_type=\"section\" data-e-type=\"section\">\n\t\t\t\t\t\t<div class=\"elementor-container elementor-column-gap-wider\">\n\t\t\t\t\t<div class=\"elementor-column elementor-col-33 elementor-inner-column elementor-element elementor-element-1610fd6\" data-id=\"1610fd6\" data-element_type=\"column\" data-e-type=\"column\" data-settings=\"{&quot;background_background&quot;:&quot;classic&quot;}\">\n\t\t\t<div class=\"elementor-widget-wrap elementor-element-populated\">\n\t\t\t\t\t\t<div class=\"elementor-element elementor-element-736f4cd elementor-widget elementor-widget-spacer\" data-id=\"736f4cd\" data-element_type=\"widget\" data-e-type=\"widget\" data-widget_type=\"spacer.default\">\n\t\t\t\t<div class=\"elementor-widget-container\">\n\t\t\t\t\t\t\t<div class=\"elementor-spacer\">\n\t\t\t<div class=\"elementor-spacer-inner\"><\/div>\n\t\t<\/div>\n\t\t\t\t\t\t<\/div>\n\t\t\t\t<\/div>\n\t\t\t\t\t<\/div>\n\t\t<\/div>\n\t\t\t\t<div class=\"elementor-column elementor-col-66 elementor-inner-column elementor-element elementor-element-f72a500\" data-id=\"f72a500\" data-element_type=\"column\" data-e-type=\"column\">\n\t\t\t<div class=\"elementor-widget-wrap elementor-element-populated\">\n\t\t\t\t\t\t<div class=\"elementor-element elementor-element-3eea36f elementor-vertical-align-top elementor-widget elementor-widget-image-box\" data-id=\"3eea36f\" data-element_type=\"widget\" data-e-type=\"widget\" data-widget_type=\"image-box.default\">\n\t\t\t\t<div class=\"elementor-widget-container\">\n\t\t\t\t\t<div class=\"elementor-image-box-wrapper\"><div class=\"elementor-image-box-content\"><h3 class=\"elementor-image-box-title\">Amanjot Kaur<\/h3><p class=\"elementor-image-box-description\">Soy Amanjot Kaur, y tambi\u00e9n me conocen por Alla Yeates.  Cada vez m\u00e1s me estoy enamorando de quien realmente soy, y me encantar\u00eda guiarte en el viaje de descubrir y abrazar tu propio yo aut\u00e9ntico. Como Facilitadora en Formaci\u00f3n para Grupos de Chicas (de 10 a 12 a\u00f1os) y Facilitadora de la Carpa Roja, me apasiona profundamente apoyar y empoderar a las mujeres. Me encanta ser mujer, celebrar la feminidad y ayudar a otras a cultivar el amor propio y la confianza en s\u00ed mismas.\n<br>\n<br>\nPor encima de todo, soy madre de tres hijos, y mi mayor alegr\u00eda es ense\u00f1ar e inspirar a otros a conectar con su verdadera esencia.\n\n<br>\nwww.seamseezy.com<\/p><\/div><\/div>\t\t\t\t<\/div>\n\t\t\t\t<\/div>\n\t\t\t\t\t<\/div>\n\t\t<\/div>\n\t\t\t\t\t<\/div>\n\t\t<\/section>\n\t\t\t\t<div class=\"elementor-element elementor-element-cb73344 elementor-widget-divider--view-line elementor-widget elementor-widget-divider\" data-id=\"cb73344\" data-element_type=\"widget\" data-e-type=\"widget\" data-widget_type=\"divider.default\">\n\t\t\t\t<div class=\"elementor-widget-container\">\n\t\t\t\t\t\t\t<div class=\"elementor-divider\">\n\t\t\t<span class=\"elementor-divider-separator\">\n\t\t\t\t\t\t<\/span>\n\t\t<\/div>\n\t\t\t\t\t\t<\/div>\n\t\t\t\t<\/div>\n\t\t\t\t<section class=\"elementor-section elementor-inner-section elementor-element elementor-element-7a77821 elementor-section-content-bottom elementor-section-boxed elementor-section-height-default elementor-section-height-default\" data-id=\"7a77821\" data-element_type=\"section\" data-e-type=\"section\">\n\t\t\t\t\t\t<div class=\"elementor-container elementor-column-gap-wider\">\n\t\t\t\t\t<div class=\"elementor-column elementor-col-66 elementor-inner-column elementor-element elementor-element-d298567\" data-id=\"d298567\" data-element_type=\"column\" data-e-type=\"column\">\n\t\t\t<div class=\"elementor-widget-wrap elementor-element-populated\">\n\t\t\t\t\t\t<div class=\"elementor-element elementor-element-67bd790 elementor-vertical-align-top elementor-widget elementor-widget-image-box\" data-id=\"67bd790\" data-element_type=\"widget\" data-e-type=\"widget\" data-widget_type=\"image-box.default\">\n\t\t\t\t<div class=\"elementor-widget-container\">\n\t\t\t\t\t<div class=\"elementor-image-box-wrapper\"><div class=\"elementor-image-box-content\"><h3 class=\"elementor-image-box-title\">Devta Kaur<\/h3><p class=\"elementor-image-box-description\">Devta Kaur conoci\u00f3 el Kundalini Yoga en 1999 y lleva ense\u00f1\u00e1ndolo desde 2004. <br><br>Como madre, profesora de yoga en el embarazo y el postparto, consultora y mentora de Karam Kriya, coach de vida y facilitadora de constelaciones familiares, su pasi\u00f3n es apoyar y empoderar a los dem\u00e1s, especialmente a las mujeres. <br>Tambi\u00e9n es Facilitadora de la Carpa Roja y co-dirige y co-lidera el \u00e1rea en expansi\u00f3n de la Carpa Roja en el Festival Europeo de Yoga en Francia. <br><br>Originaria de Alemania, ahora vive con su familia cerca del Ashram Ram Dass Guru en Portugal, donde forma parte de la junta de la Asociaci\u00f3n Ram Dass Guru y apoya al sangat y las ense\u00f1anzas.\n<\/p><\/div><\/div>\t\t\t\t<\/div>\n\t\t\t\t<\/div>\n\t\t\t\t\t<\/div>\n\t\t<\/div>\n\t\t\t\t<div class=\"elementor-column elementor-col-33 elementor-inner-column elementor-element elementor-element-9647c03\" data-id=\"9647c03\" data-element_type=\"column\" data-e-type=\"column\" data-settings=\"{&quot;background_background&quot;:&quot;classic&quot;}\">\n\t\t\t<div class=\"elementor-widget-wrap elementor-element-populated\">\n\t\t\t\t\t\t<div class=\"elementor-element elementor-element-a5b644b elementor-widget elementor-widget-spacer\" data-id=\"a5b644b\" data-element_type=\"widget\" data-e-type=\"widget\" data-widget_type=\"spacer.default\">\n\t\t\t\t<div class=\"elementor-widget-container\">\n\t\t\t\t\t\t\t<div class=\"elementor-spacer\">\n\t\t\t<div class=\"elementor-spacer-inner\"><\/div>\n\t\t<\/div>\n\t\t\t\t\t\t<\/div>\n\t\t\t\t<\/div>\n\t\t\t\t\t<\/div>\n\t\t<\/div>\n\t\t\t\t\t<\/div>\n\t\t<\/section>\n\t\t\t\t<div class=\"elementor-element elementor-element-58553a5 elementor-widget-divider--view-line elementor-widget elementor-widget-divider\" data-id=\"58553a5\" data-element_type=\"widget\" data-e-type=\"widget\" data-widget_type=\"divider.default\">\n\t\t\t\t<div class=\"elementor-widget-container\">\n\t\t\t\t\t\t\t<div class=\"elementor-divider\">\n\t\t\t<span class=\"elementor-divider-separator\">\n\t\t\t\t\t\t<\/span>\n\t\t<\/div>\n\t\t\t\t\t\t<\/div>\n\t\t\t\t<\/div>\n\t\t\t\t\t<\/div>\n\t\t<\/div>\n\t\t\t\t\t<\/div>\n\t\t<\/section>\n\t\t<div class=\"elementor-element elementor-element-3b58e89 e-flex e-con-boxed e-con e-parent\" data-id=\"3b58e89\" data-element_type=\"container\" data-e-type=\"container\" data-settings=\"{&quot;background_background&quot;:&quot;classic&quot;}\">\n\t\t\t\t\t<div class=\"e-con-inner\">\n\t\t\t\t<div class=\"elementor-element elementor-element-5cbb967 elementor-widget elementor-widget-heading\" data-id=\"5cbb967\" data-element_type=\"widget\" data-e-type=\"widget\" data-widget_type=\"heading.default\">\n\t\t\t\t<div class=\"elementor-widget-container\">\n\t\t\t\t\t<h2 class=\"elementor-heading-title elementor-size-default\">Fees and Registration<\/h2>\t\t\t\t<\/div>\n\t\t\t\t<\/div>\n\t\t\t\t<div class=\"elementor-element elementor-element-025ee5b elementor-tabs-view-horizontal elementor-widget elementor-widget-tabs\" data-id=\"025ee5b\" data-element_type=\"widget\" data-e-type=\"widget\" data-widget_type=\"tabs.default\">\n\t\t\t\t<div class=\"elementor-widget-container\">\n\t\t\t\t\t\t\t<div class=\"elementor-tabs\">\n\t\t\t<div class=\"elementor-tabs-wrapper\" role=\"tablist\" >\n\t\t\t\t\t\t\t\t\t<div id=\"elementor-tab-title-2481\" class=\"elementor-tab-title elementor-tab-desktop-title\" aria-selected=\"true\" data-tab=\"1\" role=\"tab\" tabindex=\"0\" aria-controls=\"elementor-tab-content-2481\" aria-expanded=\"false\">Precios:<\/div>\n\t\t\t\t\t\t\t\t\t<div id=\"elementor-tab-title-2482\" class=\"elementor-tab-title elementor-tab-desktop-title\" aria-selected=\"false\" data-tab=\"2\" role=\"tab\" tabindex=\"-1\" aria-controls=\"elementor-tab-content-2482\" aria-expanded=\"false\">Certificaci\u00f3n<\/div>\n\t\t\t\t\t\t\t<\/div>\n\t\t\t<div class=\"elementor-tabs-content-wrapper\" role=\"tablist\" aria-orientation=\"vertical\">\n\t\t\t\t\t\t\t\t\t<div class=\"elementor-tab-title elementor-tab-mobile-title\" aria-selected=\"true\" data-tab=\"1\" role=\"tab\" tabindex=\"0\" aria-controls=\"elementor-tab-content-2481\" aria-expanded=\"false\">Precios:<\/div>\n\t\t\t\t\t<div id=\"elementor-tab-content-2481\" class=\"elementor-tab-content elementor-clearfix\" data-tab=\"1\" role=\"tabpanel\" aria-labelledby=\"elementor-tab-title-2481\" tabindex=\"0\" hidden=\"false\"><p><strong>Precio:<\/strong><br \/>\u00a01100\u20ac + VAT = 1353\u20ac<\/p><p>Puede pagar en 2 plazos:<br \/>600\u20ac + IVA = 738\u20ac hasta el 20 de septiembre<br \/>600\u20ac + IVA = 738\u20ac hasta el 20 de noviembre<\/p><ul><li><p><em>*Hay un m\u00ednimo de 13 participantes para garantizar que la formaci\u00f3n tenga lugar.<\/em><\/p><\/li><\/ul><\/div>\n\t\t\t\t\t\t\t\t\t<div class=\"elementor-tab-title elementor-tab-mobile-title\" aria-selected=\"false\" data-tab=\"2\" role=\"tab\" tabindex=\"-1\" aria-controls=\"elementor-tab-content-2482\" aria-expanded=\"false\">Certificaci\u00f3n<\/div>\n\t\t\t\t\t<div id=\"elementor-tab-content-2482\" class=\"elementor-tab-content elementor-clearfix\" data-tab=\"2\" role=\"tabpanel\" aria-labelledby=\"elementor-tab-title-2482\" tabindex=\"0\" hidden=\"hidden\"><p>Requisitos de certificaci\u00f3n<br \/>1) Asistir al 75 por ciento de las reuniones del grupo de estudio en zoom<br \/>2) Realizar tareas entre m\u00f3dulos<br \/>3) Ense\u00f1ar 2 clases en las clases pr\u00e1cticas y ser evaluada<br \/>4) 30 d\u00edas de pr\u00e1ctica de meditaci\u00f3n<br \/>5) Completar 1 test corto online por m\u00f3dulo.<br \/>6) Preparar 3 planes de estudio (planes de clases):<\/p><ul><li style=\"list-style-type: none;\"><ul><li>1 para mam\u00e1s embarazadas &#8211; clases prenatales<\/li><li>1 para preparar a las parejas para el parto<\/li><li>1 para madres en postparto &#8211; clases postnatales<\/li><\/ul><\/li><\/ul><p>7) Presentar el diploma de Profesora de Kundalini Yoga Acuariano o justificante de haber<br \/>asistido a 8 clases de KY con un instructor certificado.<br \/>8) Pago de la totalidad del curso.<\/p><p>Si tiene alguna pregunta, p\u00f3ngase en contacto con <a href=\"mailto:gurujot@quinta-do-rajo.pt\">gurujot@quinta-do-rajo.pt<\/a><\/p><\/div>\n\t\t\t\t\t\t\t<\/div>\n\t\t<\/div>\n\t\t\t\t\t\t<\/div>\n\t\t\t\t<\/div>\n\t\t\t\t\t<\/div>\n\t\t\t\t<\/div>\n\t\t\t\t<section class=\"elementor-section elementor-top-section elementor-element elementor-element-axc7e2y elementor-section-content-middle elementor-reverse-mobile elementor-section-boxed elementor-section-height-default elementor-section-height-default\" data-id=\"axc7e2y\" data-element_type=\"section\" data-e-type=\"section\" data-settings=\"{&quot;background_background&quot;:&quot;classic&quot;}\">\n\t\t\t\t\t\t\t<div class=\"elementor-background-overlay\"><\/div>\n\t\t\t\t\t\t\t<div class=\"elementor-container elementor-column-gap-no\">\n\t\t\t\t\t<div class=\"elementor-column elementor-col-100 elementor-top-column elementor-element elementor-element-5ab32a9\" data-id=\"5ab32a9\" data-element_type=\"column\" data-e-type=\"column\">\n\t\t\t<div class=\"elementor-widget-wrap elementor-element-populated\">\n\t\t\t\t\t\t<section class=\"elementor-section elementor-inner-section elementor-element elementor-element-0beb0a0 elementor-section-boxed elementor-section-height-default elementor-section-height-default\" data-id=\"0beb0a0\" data-element_type=\"section\" data-e-type=\"section\" data-settings=\"{&quot;background_background&quot;:&quot;classic&quot;}\">\n\t\t\t\t\t\t<div class=\"elementor-container elementor-column-gap-default\">\n\t\t\t\t\t<div class=\"elementor-column elementor-col-25 elementor-inner-column elementor-element elementor-element-79b0665\" data-id=\"79b0665\" data-element_type=\"column\" data-e-type=\"column\">\n\t\t\t<div class=\"elementor-widget-wrap\">\n\t\t\t\t\t\t\t<\/div>\n\t\t<\/div>\n\t\t\t\t<div class=\"elementor-column elementor-col-50 elementor-inner-column elementor-element elementor-element-b7ee7b8\" data-id=\"b7ee7b8\" data-element_type=\"column\" data-e-type=\"column\" data-settings=\"{&quot;background_background&quot;:&quot;classic&quot;}\">\n\t\t\t<div class=\"elementor-widget-wrap elementor-element-populated\">\n\t\t\t\t\t<div class=\"elementor-background-overlay\"><\/div>\n\t\t\t\t\t\t<div class=\"elementor-element elementor-element-52ba033 elementor-widget elementor-widget-heading\" data-id=\"52ba033\" data-element_type=\"widget\" data-e-type=\"widget\" data-widget_type=\"heading.default\">\n\t\t\t\t<div class=\"elementor-widget-container\">\n\t\t\t\t\t<h2 class=\"elementor-heading-title elementor-size-default\">Lo que dicen los estudiantes<\/h2>\t\t\t\t<\/div>\n\t\t\t\t<\/div>\n\t\t\t\t<div class=\"elementor-element elementor-element-d529de6 elementor-widget-divider--view-line elementor-widget elementor-widget-divider\" data-id=\"d529de6\" data-element_type=\"widget\" data-e-type=\"widget\" data-widget_type=\"divider.default\">\n\t\t\t\t<div class=\"elementor-widget-container\">\n\t\t\t\t\t\t\t<div class=\"elementor-divider\">\n\t\t\t<span class=\"elementor-divider-separator\">\n\t\t\t\t\t\t<\/span>\n\t\t<\/div>\n\t\t\t\t\t\t<\/div>\n\t\t\t\t<\/div>\n\t\t\t\t\t<\/div>\n\t\t<\/div>\n\t\t\t\t<div class=\"elementor-column elementor-col-25 elementor-inner-column elementor-element elementor-element-432be18\" data-id=\"432be18\" data-element_type=\"column\" data-e-type=\"column\">\n\t\t\t<div class=\"elementor-widget-wrap\">\n\t\t\t\t\t\t\t<\/div>\n\t\t<\/div>\n\t\t\t\t\t<\/div>\n\t\t<\/section>\n\t\t\t\t<section class=\"elementor-section elementor-inner-section elementor-element elementor-element-5dc8dd9 elementor-section-boxed elementor-section-height-default elementor-section-height-default\" data-id=\"5dc8dd9\" data-element_type=\"section\" data-e-type=\"section\">\n\t\t\t\t\t\t<div class=\"elementor-container elementor-column-gap-no\">\n\t\t\t\t\t<div class=\"elementor-column elementor-col-25 elementor-inner-column elementor-element elementor-element-5bcda08\" data-id=\"5bcda08\" data-element_type=\"column\" data-e-type=\"column\" data-settings=\"{&quot;background_background&quot;:&quot;classic&quot;}\">\n\t\t\t<div class=\"elementor-widget-wrap elementor-element-populated\">\n\t\t\t\t\t\t<div class=\"elementor-element elementor-element-743f72e elementor-widget elementor-widget-text-editor\" data-id=\"743f72e\" data-element_type=\"widget\" data-e-type=\"widget\" data-widget_type=\"text-editor.default\">\n\t\t\t\t<div class=\"elementor-widget-container\">\n\t\t\t\t\t\t\t\t\t<p>\u00abEstoy agradecido por la sabidur\u00eda que he adquirido en tan poco tiempo\u00bb.<\/p>\t\t\t\t\t\t\t\t<\/div>\n\t\t\t\t<\/div>\n\t\t\t\t<div class=\"elementor-element elementor-element-69e14a3 elementor-widget elementor-widget-testimonial\" data-id=\"69e14a3\" data-element_type=\"widget\" data-e-type=\"widget\" data-widget_type=\"testimonial.default\">\n\t\t\t\t<div class=\"elementor-widget-container\">\n\t\t\t\t\t\t\t<div class=\"elementor-testimonial-wrapper\">\n\t\t\t\n\t\t\t\t\t\t<div class=\"elementor-testimonial-meta\">\n\t\t\t\t<div class=\"elementor-testimonial-meta-inner\">\n\t\t\t\t\t\n\t\t\t\t\t\t\t\t\t\t<div class=\"elementor-testimonial-details\">\n\t\t\t\t\t\t\t\t\t\t\t\t\t\t<div class=\"elementor-testimonial-name\"><p align=\"center\" style=\"margin: 0cm;font-size: 12pt;font-family: Calibri, sans-serif;font-style: normal;font-weight: 400;text-align: center\"><b><span style=\", serif\">Victoria, Mauritius<\/span><\/b><span style=\"text-align: left;color: var(--ast-global-color-3);font-family: Montserrat, sans-serif;font-size: 1rem\"><\/span><\/p><\/div>\n\t\t\t\t\t\t\t\t\t\t\t\t\t\t\t\t\t\t\t<\/div>\n\t\t\t\t\t\t\t\t\t<\/div>\n\t\t\t<\/div>\n\t\t\t\t\t<\/div>\n\t\t\t\t\t\t<\/div>\n\t\t\t\t<\/div>\n\t\t\t\t\t<\/div>\n\t\t<\/div>\n\t\t\t\t<div class=\"elementor-column elementor-col-25 elementor-inner-column elementor-element elementor-element-d6acdd7\" data-id=\"d6acdd7\" data-element_type=\"column\" data-e-type=\"column\" data-settings=\"{&quot;background_background&quot;:&quot;classic&quot;}\">\n\t\t\t<div class=\"elementor-widget-wrap elementor-element-populated\">\n\t\t\t\t\t\t<div class=\"elementor-element elementor-element-7a97478 elementor-widget elementor-widget-text-editor\" data-id=\"7a97478\" data-element_type=\"widget\" data-e-type=\"widget\" data-widget_type=\"text-editor.default\">\n\t\t\t\t<div class=\"elementor-widget-container\">\n\t\t\t\t\t\t\t\t\t<p>\u00abGracias por su orientaci\u00f3n y por los v\u00eddeos informativos tan bien preparados que ha compartido sobre esta formaci\u00f3n\u00bb.<\/p>\t\t\t\t\t\t\t\t<\/div>\n\t\t\t\t<\/div>\n\t\t\t\t<div class=\"elementor-element elementor-element-26a504d elementor-widget elementor-widget-testimonial\" data-id=\"26a504d\" data-element_type=\"widget\" data-e-type=\"widget\" data-widget_type=\"testimonial.default\">\n\t\t\t\t<div class=\"elementor-widget-container\">\n\t\t\t\t\t\t\t<div class=\"elementor-testimonial-wrapper\">\n\t\t\t\n\t\t\t\t\t\t<div class=\"elementor-testimonial-meta\">\n\t\t\t\t<div class=\"elementor-testimonial-meta-inner\">\n\t\t\t\t\t\n\t\t\t\t\t\t\t\t\t\t<div class=\"elementor-testimonial-details\">\n\t\t\t\t\t\t\t\t\t\t\t\t\t\t<div class=\"elementor-testimonial-name\"><p align=\"center\" style=\"margin: 0cm;font-size: 12pt;font-family: Calibri, sans-serif;font-style: normal;font-weight: 400;text-align: center\"><b><span style=\", serif\">Carmen, UK<\/span><\/b><span style=\"text-align: left;color: var(--ast-global-color-3);font-family: Montserrat, sans-serif;font-size: 1rem\"><\/span><\/p><\/div>\n\t\t\t\t\t\t\t\t\t\t\t\t\t\t\t\t\t\t\t<\/div>\n\t\t\t\t\t\t\t\t\t<\/div>\n\t\t\t<\/div>\n\t\t\t\t\t<\/div>\n\t\t\t\t\t\t<\/div>\n\t\t\t\t<\/div>\n\t\t\t\t\t<\/div>\n\t\t<\/div>\n\t\t\t\t<div class=\"elementor-column elementor-col-25 elementor-inner-column elementor-element elementor-element-51d7548\" data-id=\"51d7548\" data-element_type=\"column\" data-e-type=\"column\" data-settings=\"{&quot;background_background&quot;:&quot;classic&quot;}\">\n\t\t\t<div class=\"elementor-widget-wrap elementor-element-populated\">\n\t\t\t\t\t\t<div class=\"elementor-element elementor-element-3275428 elementor-widget elementor-widget-text-editor\" data-id=\"3275428\" data-element_type=\"widget\" data-e-type=\"widget\" data-widget_type=\"text-editor.default\">\n\t\t\t\t<div class=\"elementor-widget-container\">\n\t\t\t\t\t\t\t\t\t<p>\u00abTengo que decir que me encantaron los dos primeros m\u00f3dulos y me parecieron fant\u00e1sticos: \u00a1el contexto y la impartici\u00f3n por parte de todos los profesores fue fant\u00e1stica! Estoy agradecida a ellos y a su hermosa energ\u00eda\u00bb.<\/p>\t\t\t\t\t\t\t\t<\/div>\n\t\t\t\t<\/div>\n\t\t\t\t<div class=\"elementor-element elementor-element-a56bb17 elementor-widget elementor-widget-testimonial\" data-id=\"a56bb17\" data-element_type=\"widget\" data-e-type=\"widget\" data-widget_type=\"testimonial.default\">\n\t\t\t\t<div class=\"elementor-widget-container\">\n\t\t\t\t\t\t\t<div class=\"elementor-testimonial-wrapper\">\n\t\t\t\n\t\t\t\t\t\t<div class=\"elementor-testimonial-meta\">\n\t\t\t\t<div class=\"elementor-testimonial-meta-inner\">\n\t\t\t\t\t\n\t\t\t\t\t\t\t\t\t\t<div class=\"elementor-testimonial-details\">\n\t\t\t\t\t\t\t\t\t\t\t\t\t\t<div class=\"elementor-testimonial-name\"><p align=\"center\" style=\"margin: 0cm;font-size: 12pt;font-family: Calibri, sans-serif;font-style: normal;font-weight: 400;text-align: center\"><b><span style=\", serif\">Beverly, Singapure<\/span><\/b><span style=\"text-align: left;color: var(--ast-global-color-3);, sans-serif;font-size: 1rem\"><\/span><\/p><\/div>\n\t\t\t\t\t\t\t\t\t\t\t\t\t\t\t\t\t\t\t<\/div>\n\t\t\t\t\t\t\t\t\t<\/div>\n\t\t\t<\/div>\n\t\t\t\t\t<\/div>\n\t\t\t\t\t\t<\/div>\n\t\t\t\t<\/div>\n\t\t\t\t\t<\/div>\n\t\t<\/div>\n\t\t\t\t<div class=\"elementor-column elementor-col-25 elementor-inner-column elementor-element elementor-element-2398887\" data-id=\"2398887\" data-element_type=\"column\" data-e-type=\"column\" data-settings=\"{&quot;background_background&quot;:&quot;classic&quot;}\">\n\t\t\t<div class=\"elementor-widget-wrap elementor-element-populated\">\n\t\t\t\t\t\t<div class=\"elementor-element elementor-element-e337d5f elementor-widget elementor-widget-text-editor\" data-id=\"e337d5f\" data-element_type=\"widget\" data-e-type=\"widget\" data-widget_type=\"text-editor.default\">\n\t\t\t\t<div class=\"elementor-widget-container\">\n\t\t\t\t\t\t\t\t\t<p>\u00abComo mujer y partera, siento el gran beneficio de esta formaci\u00f3n. Las mujeres con las que trabajo est\u00e1n m\u00e1s relajadas durante el parto y tienen la firme sensaci\u00f3n de que pueden hacerlo: \u00a1tienen una gran confianza en s\u00ed mismas! Es muy bueno ver este cambio\u00bb.<\/p>\t\t\t\t\t\t\t\t<\/div>\n\t\t\t\t<\/div>\n\t\t\t\t<div class=\"elementor-element elementor-element-cacc241 elementor-widget elementor-widget-testimonial\" data-id=\"cacc241\" data-element_type=\"widget\" data-e-type=\"widget\" data-widget_type=\"testimonial.default\">\n\t\t\t\t<div class=\"elementor-widget-container\">\n\t\t\t\t\t\t\t<div class=\"elementor-testimonial-wrapper\">\n\t\t\t\n\t\t\t\t\t\t<div class=\"elementor-testimonial-meta\">\n\t\t\t\t<div class=\"elementor-testimonial-meta-inner\">\n\t\t\t\t\t\n\t\t\t\t\t\t\t\t\t\t<div class=\"elementor-testimonial-details\">\n\t\t\t\t\t\t\t\t\t\t\t\t\t\t<div class=\"elementor-testimonial-name\"><p align=\"center\" style=\"margin: 0cm;text-align: center\"><font color=\"#000000\" face=\"Times New Roman, serif\"><span><b>Hanna, Suiza<\/b><\/span><\/font><span style=\"color: var(--ast-global-color-3);, sans-serif;font-size: 1rem;text-align: left\"><\/span><\/p><\/div>\n\t\t\t\t\t\t\t\t\t\t\t\t\t\t\t\t\t\t\t<\/div>\n\t\t\t\t\t\t\t\t\t<\/div>\n\t\t\t<\/div>\n\t\t\t\t\t<\/div>\n\t\t\t\t\t\t<\/div>\n\t\t\t\t<\/div>\n\t\t\t\t\t<\/div>\n\t\t<\/div>\n\t\t\t\t\t<\/div>\n\t\t<\/section>\n\t\t\t\t\t<\/div>\n\t\t<\/div>\n\t\t\t\t\t<\/div>\n\t\t<\/section>\n\t\t\t\t<section class=\"elementor-section elementor-top-section elementor-element elementor-element-c2o2out elementor-section-content-top elementor-section-boxed elementor-section-height-default elementor-section-height-default\" data-id=\"c2o2out\" data-element_type=\"section\" data-e-type=\"section\" data-settings=\"{&quot;background_background&quot;:&quot;classic&quot;}\">\n\t\t\t\t\t\t<div class=\"elementor-container elementor-column-gap-default\">\n\t\t\t\t\t<div class=\"elementor-column elementor-col-33 elementor-top-column elementor-element elementor-element-5409532\" data-id=\"5409532\" data-element_type=\"column\" data-e-type=\"column\">\n\t\t\t<div class=\"elementor-widget-wrap elementor-element-populated\">\n\t\t\t\t\t\t<div class=\"elementor-element elementor-element-88ac1e8 elementor-widget elementor-widget-heading\" data-id=\"88ac1e8\" data-element_type=\"widget\" data-e-type=\"widget\" data-widget_type=\"heading.default\">\n\t\t\t\t<div class=\"elementor-widget-container\">\n\t\t\t\t\t<h2 class=\"elementor-heading-title elementor-size-default\">\u00bfA qu\u00e9 espera? <\/h2>\t\t\t\t<\/div>\n\t\t\t\t<\/div>\n\t\t\t\t\t<\/div>\n\t\t<\/div>\n\t\t\t\t<div class=\"elementor-column elementor-col-33 elementor-top-column elementor-element elementor-element-5dedcf0\" data-id=\"5dedcf0\" data-element_type=\"column\" data-e-type=\"column\">\n\t\t\t<div class=\"elementor-widget-wrap elementor-element-populated\">\n\t\t\t\t\t\t<div class=\"elementor-element elementor-element-97f0868 elementor-widget elementor-widget-text-editor\" data-id=\"97f0868\" data-element_type=\"widget\" data-e-type=\"widget\" data-widget_type=\"text-editor.default\">\n\t\t\t\t<div class=\"elementor-widget-container\">\n\t\t\t\t\t\t\t\t\t<p>Si tiene alguna pregunta, p\u00f3ngase en contacto con <a href=\"mailto:gurujot@quinta-do-rajo.pt\">gurujot@quinta-do-rajo.pt<\/a><\/p>\t\t\t\t\t\t\t\t<\/div>\n\t\t\t\t<\/div>\n\t\t\t\t\t<\/div>\n\t\t<\/div>\n\t\t\t\t<div class=\"elementor-column elementor-col-33 elementor-top-column elementor-element elementor-element-d2ba863\" data-id=\"d2ba863\" data-element_type=\"column\" data-e-type=\"column\">\n\t\t\t<div class=\"elementor-widget-wrap elementor-element-populated\">\n\t\t\t\t\t\t<div class=\"elementor-element elementor-element-11366ca elementor-align-center elementor-widget elementor-widget-button\" data-id=\"11366ca\" data-element_type=\"widget\" data-e-type=\"widget\" data-widget_type=\"button.default\">\n\t\t\t\t<div class=\"elementor-widget-container\">\n\t\t\t\t\t\t\t\t\t<div class=\"elementor-button-wrapper\">\n\t\t\t\t\t<a class=\"elementor-button elementor-button-link elementor-size-sm\" href=\"https:\/\/www.quinta-do-rajo.pt\/en\/produtos\/a-viagem-da-mae-online\/\" target=\"_blank\" rel=\"nofollow\">\n\t\t\t\t\t\t<span class=\"elementor-button-content-wrapper\">\n\t\t\t\t\t\t\t\t\t<span class=\"elementor-button-text\">Quiero inscribirme.<\/span>\n\t\t\t\t\t<\/span>\n\t\t\t\t\t<\/a>\n\t\t\t\t<\/div>\n\t\t\t\t\t\t\t\t<\/div>\n\t\t\t\t<\/div>\n\t\t\t\t\t<\/div>\n\t\t<\/div>\n\t\t\t\t\t<\/div>\n\t\t<\/section>\n\t\t\t\t<section class=\"elementor-section elementor-top-section elementor-element elementor-element-4c1ecc6 elementor-section-content-top elementor-hidden-desktop elementor-hidden-tablet elementor-hidden-mobile elementor-section-boxed elementor-section-height-default elementor-section-height-default\" data-id=\"4c1ecc6\" data-element_type=\"section\" data-e-type=\"section\" data-settings=\"{&quot;background_background&quot;:&quot;classic&quot;}\">\n\t\t\t\t\t\t<div class=\"elementor-container elementor-column-gap-default\">\n\t\t\t\t\t<div class=\"elementor-column elementor-col-33 elementor-top-column elementor-element elementor-element-bfedbf7\" data-id=\"bfedbf7\" data-element_type=\"column\" data-e-type=\"column\">\n\t\t\t<div class=\"elementor-widget-wrap elementor-element-populated\">\n\t\t\t\t\t\t<div class=\"elementor-element elementor-element-f2e2ca0 elementor-widget elementor-widget-heading\" data-id=\"f2e2ca0\" data-element_type=\"widget\" data-e-type=\"widget\" data-widget_type=\"heading.default\">\n\t\t\t\t<div class=\"elementor-widget-container\">\n\t\t\t\t\t<h2 class=\"elementor-heading-title elementor-size-default\">What are you waiting for? <\/h2>\t\t\t\t<\/div>\n\t\t\t\t<\/div>\n\t\t\t\t\t<\/div>\n\t\t<\/div>\n\t\t\t\t<div class=\"elementor-column elementor-col-33 elementor-top-column elementor-element elementor-element-3f1792e\" data-id=\"3f1792e\" data-element_type=\"column\" data-e-type=\"column\">\n\t\t\t<div class=\"elementor-widget-wrap elementor-element-populated\">\n\t\t\t\t\t\t<div class=\"elementor-element elementor-element-7241097 elementor-widget elementor-widget-text-editor\" data-id=\"7241097\" data-element_type=\"widget\" data-e-type=\"widget\" data-widget_type=\"text-editor.default\">\n\t\t\t\t<div class=\"elementor-widget-container\">\n\t\t\t\t\t\t\t\t\t<p>If you still have questions, send an email to <a href=\"mailto:gurujot@quinta-do-rajo.pt\">gurujot@quinta-do-rajo.pt<\/a> to clarify!<\/p><p>We're waiting for you!<\/p>\t\t\t\t\t\t\t\t<\/div>\n\t\t\t\t<\/div>\n\t\t\t\t\t<\/div>\n\t\t<\/div>\n\t\t\t\t<div class=\"elementor-column elementor-col-33 elementor-top-column elementor-element elementor-element-fd21e16\" data-id=\"fd21e16\" data-element_type=\"column\" data-e-type=\"column\">\n\t\t\t<div class=\"elementor-widget-wrap elementor-element-populated\">\n\t\t\t\t\t\t<div class=\"elementor-element elementor-element-d2229cb elementor-align-center elementor-widget elementor-widget-button\" data-id=\"d2229cb\" data-element_type=\"widget\" data-e-type=\"widget\" data-widget_type=\"button.default\">\n\t\t\t\t<div class=\"elementor-widget-container\">\n\t\t\t\t\t\t\t\t\t<div class=\"elementor-button-wrapper\">\n\t\t\t\t\t<a class=\"elementor-button elementor-size-sm\" role=\"button\">\n\t\t\t\t\t\t<span class=\"elementor-button-content-wrapper\">\n\t\t\t\t\t\t\t\t\t<span class=\"elementor-button-text\">Quero ser informada quando houver novas datas<\/span>\n\t\t\t\t\t<\/span>\n\t\t\t\t\t<\/a>\n\t\t\t\t<\/div>\n\t\t\t\t\t\t\t\t<\/div>\n\t\t\t\t<\/div>\n\t\t\t\t\t<\/div>\n\t\t<\/div>\n\t\t\t\t\t<\/div>\n\t\t<\/section>\n\t\t\t\t<\/div>","protected":false},"excerpt":{"rendered":"<p>Leer en espa\u00f1ol El Viaje de la Madre &#8211; Formaci\u00f3n de Profesoras de Yoga Pre y Postnatal &#8211; Online Biling\u00fce [&hellip;]<\/p>\n","protected":false},"author":165,"featured_media":0,"parent":0,"menu_order":0,"comment_status":"closed","ping_status":"closed","template":"","meta":{"site-sidebar-layout":"no-sidebar","site-content-layout":"page-builder","ast-site-content-layout":"full-width-container","site-content-style":"default","site-sidebar-style":"default","ast-global-header-display":"","ast-banner-title-visibility":"","ast-main-header-display":"","ast-hfb-above-header-display":"","ast-hfb-below-header-display":"","ast-hfb-mobile-header-display":"","site-post-title":"disabled","ast-breadcrumbs-content":"","ast-featured-img":"disabled","footer-sml-layout":"","ast-disable-related-posts":"","theme-transparent-header-meta":"","adv-header-id-meta":"","stick-header-meta":"","header-above-stick-meta":"","header-main-stick-meta":"","header-below-stick-meta":"","astra-migrate-meta-layouts":"set","ast-page-background-enabled":"default","ast-page-background-meta":{"desktop":{"background-color":"var(--ast-global-color-4)","background-image":"","background-repeat":"repeat","background-position":"center center","background-size":"auto","background-attachment":"scroll","background-type":"","background-media":"","overlay-type":"","overlay-color":"","overlay-opacity":"","overlay-gradient":""},"tablet":{"background-color":"","background-image":"","background-repeat":"repeat","background-position":"center center","background-size":"auto","background-attachment":"scroll","background-type":"","background-media":"","overlay-type":"","overlay-color":"","overlay-opacity":"","overlay-gradient":""},"mobile":{"background-color":"","background-image":"","background-repeat":"repeat","background-position":"center center","background-size":"auto","background-attachment":"scroll","background-type":"","background-media":"","overlay-type":"","overlay-color":"","overlay-opacity":"","overlay-gradient":""}},"ast-content-background-meta":{"desktop":{"background-color":"var(--ast-global-color-5)","background-image":"","background-repeat":"repeat","background-position":"center center","background-size":"auto","background-attachment":"scroll","background-type":"","background-media":"","overlay-type":"","overlay-color":"","overlay-opacity":"","overlay-gradient":""},"tablet":{"background-color":"var(--ast-global-color-5)","background-image":"","background-repeat":"repeat","background-position":"center center","background-size":"auto","background-attachment":"scroll","background-type":"","background-media":"","overlay-type":"","overlay-color":"","overlay-opacity":"","overlay-gradient":""},"mobile":{"background-color":"var(--ast-global-color-5)","background-image":"","background-repeat":"repeat","background-position":"center center","background-size":"auto","background-attachment":"scroll","background-type":"","background-media":"","overlay-type":"","overlay-color":"","overlay-opacity":"","overlay-gradient":""}},"footnotes":""},"class_list":["post-45831","page","type-page","status-publish","hentry"],"_links":{"self":[{"href":"https:\/\/www.quinta-do-rajo.pt\/en\/wp-json\/wp\/v2\/pages\/45831","targetHints":{"allow":["GET"]}}],"collection":[{"href":"https:\/\/www.quinta-do-rajo.pt\/en\/wp-json\/wp\/v2\/pages"}],"about":[{"href":"https:\/\/www.quinta-do-rajo.pt\/en\/wp-json\/wp\/v2\/types\/page"}],"author":[{"embeddable":true,"href":"https:\/\/www.quinta-do-rajo.pt\/en\/wp-json\/wp\/v2\/users\/165"}],"replies":[{"embeddable":true,"href":"https:\/\/www.quinta-do-rajo.pt\/en\/wp-json\/wp\/v2\/comments?post=45831"}],"version-history":[{"count":0,"href":"https:\/\/www.quinta-do-rajo.pt\/en\/wp-json\/wp\/v2\/pages\/45831\/revisions"}],"wp:attachment":[{"href":"https:\/\/www.quinta-do-rajo.pt\/en\/wp-json\/wp\/v2\/media?parent=45831"}],"curies":[{"name":"wp","href":"https:\/\/api.w.org\/{rel}","templated":true}]}}